{"id":16,"date":"2024-08-01T14:36:59","date_gmt":"2024-08-01T12:36:59","guid":{"rendered":"https:\/\/splelkowo.pl\/wordpress\/?page_id=16"},"modified":"2025-09-24T09:23:55","modified_gmt":"2025-09-24T07:23:55","slug":"start","status":"publish","type":"page","link":"https:\/\/splelkowo.pl\/wordpress\/","title":{"rendered":"Start"},"content":{"rendered":"\t\t<div data-elementor-type=\"wp-page\" data-elementor-id=\"16\" class=\"elementor elementor-16\">\n\t\t\t\t<div class=\"elementor-element elementor-element-7218cf6 e-flex e-con-boxed wpr-particle-no wpr-jarallax-no wpr-parallax-no wpr-sticky-section-no wpr-equal-height-no e-con e-parent\" data-id=\"7218cf6\" data-element_type=\"container\" data-e-type=\"container\">\n\t\t\t\t\t<div class=\"e-con-inner\">\n\t\t\t\t<div class=\"elementor-element elementor-element-7515f39 elementor-widget elementor-widget-image\" data-id=\"7515f39\" data-element_type=\"widget\" data-e-type=\"widget\" data-widget_type=\"image.default\">\n\t\t\t\t<div class=\"elementor-widget-container\">\n\t\t\t\t\t\t\t\t\t\t\t\t\t\t\t<img fetchpriority=\"high\" decoding=\"async\" width=\"2000\" height=\"296\" src=\"https:\/\/splelkowo.pl\/wordpress\/wp-content\/uploads\/2024\/07\/top-image.jpg\" class=\"attachment-2048x2048 size-2048x2048 wp-image-10\" alt=\"\" srcset=\"https:\/\/splelkowo.pl\/wordpress\/wp-content\/uploads\/2024\/07\/top-image.jpg 2000w, https:\/\/splelkowo.pl\/wordpress\/wp-content\/uploads\/2024\/07\/top-image-300x44.jpg 300w, https:\/\/splelkowo.pl\/wordpress\/wp-content\/uploads\/2024\/07\/top-image-1024x152.jpg 1024w, https:\/\/splelkowo.pl\/wordpress\/wp-content\/uploads\/2024\/07\/top-image-768x114.jpg 768w, https:\/\/splelkowo.pl\/wordpress\/wp-content\/uploads\/2024\/07\/top-image-1536x227.jpg 1536w\" sizes=\"(max-width: 2000px) 100vw, 2000px\" \/>\t\t\t\t\t\t\t\t\t\t\t\t\t\t\t<\/div>\n\t\t\t\t<\/div>\n\t\t\t\t\t<\/div>\n\t\t\t\t<\/div>\n\t\t<div class=\"elementor-element elementor-element-118947f e-grid e-con-boxed wpr-particle-no wpr-jarallax-no wpr-parallax-no wpr-sticky-section-no wpr-equal-height-no e-con e-parent\" data-id=\"118947f\" data-element_type=\"container\" data-e-type=\"container\">\n\t\t\t\t\t<div class=\"e-con-inner\">\n\t\t\t\t<div class=\"elementor-element elementor-element-91aac61 elementor-widget elementor-widget-image-carousel\" data-id=\"91aac61\" data-element_type=\"widget\" data-e-type=\"widget\" data-settings=\"{&quot;navigation&quot;:&quot;none&quot;,&quot;slides_to_show&quot;:&quot;1&quot;,&quot;autoplay&quot;:&quot;yes&quot;,&quot;pause_on_hover&quot;:&quot;yes&quot;,&quot;pause_on_interaction&quot;:&quot;yes&quot;,&quot;autoplay_speed&quot;:5000,&quot;infinite&quot;:&quot;yes&quot;,&quot;effect&quot;:&quot;slide&quot;,&quot;speed&quot;:500}\" data-widget_type=\"image-carousel.default\">\n\t\t\t\t<div class=\"elementor-widget-container\">\n\t\t\t\t\t\t\t<div class=\"elementor-image-carousel-wrapper swiper\" role=\"region\" aria-roledescription=\"carousel\" aria-label=\"Karuzela obrazk\u00f3w\" dir=\"ltr\">\n\t\t\t<div class=\"elementor-image-carousel swiper-wrapper\" aria-live=\"off\">\n\t\t\t\t\t\t\t\t<div class=\"swiper-slide\" role=\"group\" aria-roledescription=\"slide\" aria-label=\"1 z 3\"><figure class=\"swiper-slide-inner\"><img decoding=\"async\" class=\"swiper-slide-image\" src=\"https:\/\/splelkowo.pl\/wordpress\/wp-content\/uploads\/2024\/10\/zdjecie-1.jpg\" alt=\"zdjecie 1\" \/><\/figure><\/div><div class=\"swiper-slide\" role=\"group\" aria-roledescription=\"slide\" aria-label=\"2 z 3\"><figure class=\"swiper-slide-inner\"><img decoding=\"async\" class=\"swiper-slide-image\" src=\"https:\/\/splelkowo.pl\/wordpress\/wp-content\/uploads\/2024\/10\/zdjecie-2.jpg\" alt=\"zdjecie 2\" \/><\/figure><\/div><div class=\"swiper-slide\" role=\"group\" aria-roledescription=\"slide\" aria-label=\"3 z 3\"><figure class=\"swiper-slide-inner\"><img decoding=\"async\" class=\"swiper-slide-image\" src=\"https:\/\/splelkowo.pl\/wordpress\/wp-content\/uploads\/2024\/10\/zdjecie-3.jpg\" alt=\"zdjecie 3\" \/><\/figure><\/div>\t\t\t<\/div>\n\t\t\t\t\t\t\t\n\t\t\t\t\t\t\t\t\t<\/div>\n\t\t\t\t\t\t<\/div>\n\t\t\t\t<\/div>\n\t\t<div class=\"elementor-element elementor-element-7a0fd4c e-con-full e-flex wpr-particle-no wpr-jarallax-no wpr-parallax-no wpr-sticky-section-no wpr-equal-height-no e-con e-child\" data-id=\"7a0fd4c\" data-element_type=\"container\" data-e-type=\"container\">\n\t\t\t\t<div class=\"elementor-element elementor-element-83e6ffc wpr-button-icon-style-inline wpr-button-icon-position-right elementor-widget elementor-widget-wpr-button\" data-id=\"83e6ffc\" data-element_type=\"widget\" data-e-type=\"widget\" data-settings=\"{&quot;_animation&quot;:&quot;none&quot;}\" data-widget_type=\"wpr-button.default\">\n\t\t\t\t<div class=\"elementor-widget-container\">\n\t\t\t\t\t\t\n\t\t\t\n\t\t\n\t\t<div class=\"wpr-button-wrap elementor-clearfix\">\n\t\t<a class=\"wpr-button wpr-button-effect elementor-animation-grow\" data-text=\"\" href=\"https:\/\/portal.librus.pl\/rodzina\/synergia\/loguj\" target=\"_blank\">\n\t\t\t\n\t\t\t<span class=\"wpr-button-content\">\n\t\t\t\t\t\t\t\t\t<span class=\"wpr-button-text\">LIBRUS - Dziennik online<\/span>\n\t\t\t\t\t\t\t\t\n\t\t\t\t\t\t\t\t\t<span class=\"wpr-button-icon\"><svg class=\"e-font-icon-svg e-fas-angle-right\" viewBox=\"0 0 256 512\" xmlns=\"http:\/\/www.w3.org\/2000\/svg\"><path d=\"M224.3 273l-136 136c-9.4 9.4-24.6 9.4-33.9 0l-22.6-22.6c-9.4-9.4-9.4-24.6 0-33.9l96.4-96.4-96.4-96.4c-9.4-9.4-9.4-24.6 0-33.9L54.3 103c9.4-9.4 24.6-9.4 33.9 0l136 136c9.5 9.4 9.5 24.6.1 34z\"><\/path><\/svg><\/span>\n\t\t\t\t\t\t\t<\/span>\n\t\t<\/a>\n\n\t\t\t\t<\/div>\n\t\n\t\n\t\t\t\t\t<\/div>\n\t\t\t\t<\/div>\n\t\t\t\t<div class=\"elementor-element elementor-element-5b36b82 wpr-button-icon-style-inline wpr-button-icon-position-right elementor-widget elementor-widget-wpr-button\" data-id=\"5b36b82\" data-element_type=\"widget\" data-e-type=\"widget\" data-widget_type=\"wpr-button.default\">\n\t\t\t\t<div class=\"elementor-widget-container\">\n\t\t\t\t\t\t\n\t\t\t\n\t\t\n\t\t<div class=\"wpr-button-wrap elementor-clearfix\">\n\t\t<a class=\"wpr-button wpr-button-effect elementor-animation-grow\" data-text=\"\" href=\"https:\/\/splelkowo.pl\/wordpress\/plan-lekcji\/\">\n\t\t\t\n\t\t\t<span class=\"wpr-button-content\">\n\t\t\t\t\t\t\t\t\t<span class=\"wpr-button-text\">Plan lekcji<\/span>\n\t\t\t\t\t\t\t\t\n\t\t\t\t\t\t\t\t\t<span class=\"wpr-button-icon\"><svg class=\"e-font-icon-svg e-fas-angle-right\" viewBox=\"0 0 256 512\" xmlns=\"http:\/\/www.w3.org\/2000\/svg\"><path d=\"M224.3 273l-136 136c-9.4 9.4-24.6 9.4-33.9 0l-22.6-22.6c-9.4-9.4-9.4-24.6 0-33.9l96.4-96.4-96.4-96.4c-9.4-9.4-9.4-24.6 0-33.9L54.3 103c9.4-9.4 24.6-9.4 33.9 0l136 136c9.5 9.4 9.5 24.6.1 34z\"><\/path><\/svg><\/span>\n\t\t\t\t\t\t\t<\/span>\n\t\t<\/a>\n\n\t\t\t\t<\/div>\n\t\n\t\n\t\t\t\t\t<\/div>\n\t\t\t\t<\/div>\n\t\t\t\t<div class=\"elementor-element elementor-element-e213889 wpr-button-icon-style-inline wpr-button-icon-position-right elementor-widget elementor-widget-wpr-button\" data-id=\"e213889\" data-element_type=\"widget\" data-e-type=\"widget\" data-widget_type=\"wpr-button.default\">\n\t\t\t\t<div class=\"elementor-widget-container\">\n\t\t\t\t\t\t\n\t\t\t\n\t\t\n\t\t<div class=\"wpr-button-wrap elementor-clearfix\">\n\t\t<a class=\"wpr-button wpr-button-effect elementor-animation-grow\" data-text=\"\" href=\"https:\/\/splelkowo.pl\/wordpress\/rozklad-jazdy-autobusow\/\">\n\t\t\t\n\t\t\t<span class=\"wpr-button-content\">\n\t\t\t\t\t\t\t\t\t<span class=\"wpr-button-text\">Rozk\u0142ad jazdy autobus\u00f3w<\/span>\n\t\t\t\t\t\t\t\t\n\t\t\t\t\t\t\t\t\t<span class=\"wpr-button-icon\"><svg class=\"e-font-icon-svg e-fas-angle-right\" viewBox=\"0 0 256 512\" xmlns=\"http:\/\/www.w3.org\/2000\/svg\"><path d=\"M224.3 273l-136 136c-9.4 9.4-24.6 9.4-33.9 0l-22.6-22.6c-9.4-9.4-9.4-24.6 0-33.9l96.4-96.4-96.4-96.4c-9.4-9.4-9.4-24.6 0-33.9L54.3 103c9.4-9.4 24.6-9.4 33.9 0l136 136c9.5 9.4 9.5 24.6.1 34z\"><\/path><\/svg><\/span>\n\t\t\t\t\t\t\t<\/span>\n\t\t<\/a>\n\n\t\t\t\t<\/div>\n\t\n\t\n\t\t\t\t\t<\/div>\n\t\t\t\t<\/div>\n\t\t\t\t<\/div>\n\t\t\t\t<div class=\"elementor-element elementor-element-38dd954 elementor-invisible elementor-widget elementor-widget-wpr-countdown\" data-id=\"38dd954\" data-element_type=\"widget\" data-e-type=\"widget\" data-settings=\"{&quot;_animation&quot;:&quot;fadeInRight&quot;}\" data-widget_type=\"wpr-countdown.default\">\n\t\t\t\t<div class=\"elementor-widget-container\">\n\t\t\t\t\t<div class=\"wpr-countdown-wrap elementor-clearfix\" data-type=\"due-date\" data-show-again=\"0\" data-actions=\"[]\" data-interval=\"1782468000\"><div class=\"wpr-countdown-item\"><span class=\"wpr-countdown-number wpr-countdown-days\" data-item=\"days\"><\/span><span class=\"wpr-countdown-label\" data-text=\"{&quot;singular&quot;:&quot;Day&quot;,&quot;plural&quot;:&quot;DNI DO WAKACJI&quot;}\">DNI DO WAKACJI<\/span><\/div><\/div>\t\t\t\t<\/div>\n\t\t\t\t<\/div>\n\t\t\t\t\t<\/div>\n\t\t\t\t<\/div>\n\t\t<div class=\"elementor-element elementor-element-dfe385f e-flex e-con-boxed wpr-particle-no wpr-jarallax-no wpr-parallax-no wpr-sticky-section-no wpr-equal-height-no e-con e-parent\" data-id=\"dfe385f\" data-element_type=\"container\" data-e-type=\"container\">\n\t\t\t\t\t<div class=\"e-con-inner\">\n\t\t<div class=\"elementor-element elementor-element-1cd41f3 e-con-full e-grid wpr-particle-no wpr-jarallax-no wpr-parallax-no wpr-sticky-section-no wpr-equal-height-no e-con e-child\" data-id=\"1cd41f3\" data-element_type=\"container\" data-e-type=\"container\">\n\t\t\t\t<div class=\"elementor-element elementor-element-9ac3b9a elementor-widget__width-initial elementor-widget elementor-widget-image\" data-id=\"9ac3b9a\" data-element_type=\"widget\" data-e-type=\"widget\" data-widget_type=\"image.default\">\n\t\t\t\t<div class=\"elementor-widget-container\">\n\t\t\t\t\t\t\t\t\t\t\t\t\t\t\t\t<a href=\"https:\/\/splelkowo.pl\/wordpress\/deklaracja-dostepnosci\/\">\n\t\t\t\t\t\t\t<img decoding=\"async\" width=\"512\" height=\"342\" src=\"https:\/\/splelkowo.pl\/wordpress\/wp-content\/uploads\/2025\/05\/deklaracja-dostepnosci-grafika.jpg\" class=\"attachment-large size-large wp-image-1128\" alt=\"\" srcset=\"https:\/\/splelkowo.pl\/wordpress\/wp-content\/uploads\/2025\/05\/deklaracja-dostepnosci-grafika.jpg 512w, https:\/\/splelkowo.pl\/wordpress\/wp-content\/uploads\/2025\/05\/deklaracja-dostepnosci-grafika-300x200.jpg 300w\" sizes=\"(max-width: 512px) 100vw, 512px\" \/>\t\t\t\t\t\t\t\t<\/a>\n\t\t\t\t\t\t\t\t\t\t\t\t\t\t\t<\/div>\n\t\t\t\t<\/div>\n\t\t\t\t<div class=\"elementor-element elementor-element-9edaf61 elementor-widget elementor-widget-image\" data-id=\"9edaf61\" data-element_type=\"widget\" data-e-type=\"widget\" data-widget_type=\"image.default\">\n\t\t\t\t<div class=\"elementor-widget-container\">\n\t\t\t\t\t\t\t\t\t\t\t\t\t\t\t\t<a href=\"https:\/\/splelkowo.pl\/wordpress\/zamowienia-publiczne-zapytania-ofertowe\/\">\n\t\t\t\t\t\t\t<img decoding=\"async\" width=\"1024\" height=\"576\" src=\"https:\/\/splelkowo.pl\/wordpress\/wp-content\/uploads\/2025\/07\/zamowienia-publiczne-grafika-1024x576.webp\" class=\"attachment-large size-large wp-image-1352\" alt=\"\" srcset=\"https:\/\/splelkowo.pl\/wordpress\/wp-content\/uploads\/2025\/07\/zamowienia-publiczne-grafika-1024x576.webp 1024w, https:\/\/splelkowo.pl\/wordpress\/wp-content\/uploads\/2025\/07\/zamowienia-publiczne-grafika-300x169.webp 300w, https:\/\/splelkowo.pl\/wordpress\/wp-content\/uploads\/2025\/07\/zamowienia-publiczne-grafika-768x432.webp 768w, https:\/\/splelkowo.pl\/wordpress\/wp-content\/uploads\/2025\/07\/zamowienia-publiczne-grafika.webp 1280w\" sizes=\"(max-width: 1024px) 100vw, 1024px\" \/>\t\t\t\t\t\t\t\t<\/a>\n\t\t\t\t\t\t\t\t\t\t\t\t\t\t\t<\/div>\n\t\t\t\t<\/div>\n\t\t<div class=\"elementor-element elementor-element-890168e e-con-full e-grid wpr-particle-no wpr-jarallax-no wpr-parallax-no wpr-sticky-section-no wpr-equal-height-no e-con e-child\" data-id=\"890168e\" data-element_type=\"container\" data-e-type=\"container\">\n\t\t\t\t<div class=\"elementor-element elementor-element-7271aca elementor-widget elementor-widget-image\" data-id=\"7271aca\" data-element_type=\"widget\" data-e-type=\"widget\" data-widget_type=\"image.default\">\n\t\t\t\t<div class=\"elementor-widget-container\">\n\t\t\t\t\t\t\t\t\t\t\t\t\t\t\t\t<a href=\"https:\/\/splelkowo.pl\/wordpress\/projekt-mlodzi-kreatywni\/\">\n\t\t\t\t\t\t\t<img loading=\"lazy\" decoding=\"async\" width=\"212\" height=\"38\" src=\"https:\/\/splelkowo.pl\/wordpress\/wp-content\/uploads\/2025\/05\/logo-MK.png\" class=\"attachment-large size-large wp-image-1129\" alt=\"\" \/>\t\t\t\t\t\t\t\t<\/a>\n\t\t\t\t\t\t\t\t\t\t\t\t\t\t\t<\/div>\n\t\t\t\t<\/div>\n\t\t\t\t<div class=\"elementor-element elementor-element-6630033 elementor-widget elementor-widget-image\" data-id=\"6630033\" data-element_type=\"widget\" data-e-type=\"widget\" data-widget_type=\"image.default\">\n\t\t\t\t<div class=\"elementor-widget-container\">\n\t\t\t\t\t\t\t\t\t\t\t\t\t\t\t\t<a href=\"https:\/\/splelkowo.pl\/wordpress\/projekt-uniwersytet-ludowy-pogranicza\/\">\n\t\t\t\t\t\t\t<img decoding=\"async\" src=\"https:\/\/splelkowo.pl\/wordpress\/wp-content\/uploads\/elementor\/thumbs\/LOGO-rc7ttkxikfaarfm8anjthuzj242gpmd532o9ksb3zc.png\" title=\"LOGO\" alt=\"LOGO\" loading=\"lazy\" \/>\t\t\t\t\t\t\t\t<\/a>\n\t\t\t\t\t\t\t\t\t\t\t\t\t\t\t<\/div>\n\t\t\t\t<\/div>\n\t\t\t\t<div class=\"elementor-element elementor-element-f1f2f8e elementor-widget elementor-widget-image\" data-id=\"f1f2f8e\" data-element_type=\"widget\" data-e-type=\"widget\" data-widget_type=\"image.default\">\n\t\t\t\t<div class=\"elementor-widget-container\">\n\t\t\t\t\t\t\t\t\t\t\t\t\t\t\t\t<a href=\"https:\/\/splelkowo.pl\/wordpress\/narodowy-program-rozwoju-czytelnictwa\/\">\n\t\t\t\t\t\t\t<img loading=\"lazy\" decoding=\"async\" width=\"1024\" height=\"583\" src=\"https:\/\/splelkowo.pl\/wordpress\/wp-content\/uploads\/2025\/02\/nprcz-logotyp--1024x583.jpg\" class=\"attachment-large size-large wp-image-679\" alt=\"\" srcset=\"https:\/\/splelkowo.pl\/wordpress\/wp-content\/uploads\/2025\/02\/nprcz-logotyp--1024x583.jpg 1024w, https:\/\/splelkowo.pl\/wordpress\/wp-content\/uploads\/2025\/02\/nprcz-logotyp--300x171.jpg 300w, https:\/\/splelkowo.pl\/wordpress\/wp-content\/uploads\/2025\/02\/nprcz-logotyp--768x437.jpg 768w, https:\/\/splelkowo.pl\/wordpress\/wp-content\/uploads\/2025\/02\/nprcz-logotyp--1536x874.jpg 1536w, https:\/\/splelkowo.pl\/wordpress\/wp-content\/uploads\/2025\/02\/nprcz-logotyp-.jpg 1922w\" sizes=\"(max-width: 1024px) 100vw, 1024px\" \/>\t\t\t\t\t\t\t\t<\/a>\n\t\t\t\t\t\t\t\t\t\t\t\t\t\t\t<\/div>\n\t\t\t\t<\/div>\n\t\t\t\t<div class=\"elementor-element elementor-element-c50e6c0 elementor-widget elementor-widget-image\" data-id=\"c50e6c0\" data-element_type=\"widget\" data-e-type=\"widget\" data-widget_type=\"image.default\">\n\t\t\t\t<div class=\"elementor-widget-container\">\n\t\t\t\t\t\t\t\t\t\t\t\t\t\t\t\t<a href=\"https:\/\/splelkowo.pl\/wordpress\/program-youngster\/\">\n\t\t\t\t\t\t\t<img loading=\"lazy\" decoding=\"async\" width=\"315\" height=\"62\" src=\"https:\/\/splelkowo.pl\/wordpress\/wp-content\/uploads\/2025\/04\/logo.png\" class=\"attachment-large size-large wp-image-1033\" alt=\"\" srcset=\"https:\/\/splelkowo.pl\/wordpress\/wp-content\/uploads\/2025\/04\/logo.png 315w, https:\/\/splelkowo.pl\/wordpress\/wp-content\/uploads\/2025\/04\/logo-300x59.png 300w\" sizes=\"(max-width: 315px) 100vw, 315px\" \/>\t\t\t\t\t\t\t\t<\/a>\n\t\t\t\t\t\t\t\t\t\t\t\t\t\t\t<\/div>\n\t\t\t\t<\/div>\n\t\t\t\t<div class=\"elementor-element elementor-element-b4e9556 elementor-widget elementor-widget-image\" data-id=\"b4e9556\" data-element_type=\"widget\" data-e-type=\"widget\" data-widget_type=\"image.default\">\n\t\t\t\t<div class=\"elementor-widget-container\">\n\t\t\t\t\t\t\t\t\t\t\t\t\t\t\t\t<a href=\"https:\/\/splelkowo.pl\/wordpress\/wycieczka-do-totunia\/\">\n\t\t\t\t\t\t\t<img loading=\"lazy\" decoding=\"async\" width=\"354\" height=\"91\" src=\"https:\/\/splelkowo.pl\/wordpress\/wp-content\/uploads\/2024\/11\/podroze_z_klasa.jpg\" class=\"attachment-large size-large wp-image-287\" alt=\"\" srcset=\"https:\/\/splelkowo.pl\/wordpress\/wp-content\/uploads\/2024\/11\/podroze_z_klasa.jpg 354w, https:\/\/splelkowo.pl\/wordpress\/wp-content\/uploads\/2024\/11\/podroze_z_klasa-300x77.jpg 300w\" sizes=\"(max-width: 354px) 100vw, 354px\" \/>\t\t\t\t\t\t\t\t<\/a>\n\t\t\t\t\t\t\t\t\t\t\t\t\t\t\t<\/div>\n\t\t\t\t<\/div>\n\t\t\t\t<\/div>\n\t\t\t\t<\/div>\n\t\t<div class=\"elementor-element elementor-element-562fef5 e-con-full e-flex wpr-particle-no wpr-jarallax-no wpr-parallax-no wpr-sticky-section-no wpr-equal-height-no e-con e-child\" data-id=\"562fef5\" data-element_type=\"container\" data-e-type=\"container\">\n\t\t\t\t<div class=\"elementor-element elementor-element-9c1522e elementor-grid-eael-col-3 elementor-grid-tablet-eael-col-2 elementor-grid-mobile-eael-col-1 elementor-widget elementor-widget-eael-post-grid\" data-id=\"9c1522e\" data-element_type=\"widget\" data-e-type=\"widget\" data-settings=\"{&quot;eael_post_grid_columns&quot;:&quot;eael-col-3&quot;,&quot;eael_post_grid_columns_tablet&quot;:&quot;eael-col-2&quot;,&quot;eael_post_grid_columns_mobile&quot;:&quot;eael-col-1&quot;}\" data-widget_type=\"eael-post-grid.default\">\n\t\t\t\t<div class=\"elementor-widget-container\">\n\t\t\t\t\t<div id=\"eael-post-grid-9c1522e\" class=\"eael-post-grid-container\">\n            <div class=\"eael-post-grid eael-post-appender eael-post-appender-9c1522e eael-post-grid-style-one\" data-layout-mode=\"grid\"><article class=\"eael-grid-post  eael-post-grid-column eael-pg-post-2415 category-aktualnosci\" data-id=\"2415\">\n        <div class=\"eael-grid-post-holder\">\n            <div class=\"eael-grid-post-holder-inner\"><div class=\"eael-entry-media\"><ul class=\"post-carousel-categories\"><li><a href=\"https:\/\/splelkowo.pl\/wordpress\/category\/aktualnosci\/\">Aktualno\u015bci<\/a><\/li><\/ul><div class=\"eael-entry-overlay fade-in\"><i class=\"fas fa-long-arrow-alt-right\" aria-hidden=\"true\"><\/i><a href=\"https:\/\/splelkowo.pl\/wordpress\/zajecia-artystyczne-dla-klasy-ii-w-ramach-projektu-mlodzi-kreatywni\/\"><\/a><\/div><div class=\"eael-entry-thumbnail eael-image-ratio\">\n                <img loading=\"lazy\" decoding=\"async\" width=\"300\" height=\"225\" src=\"https:\/\/splelkowo.pl\/wordpress\/wp-content\/uploads\/2026\/05\/1777221600163-300x225.jpg\" class=\"attachment-medium size-medium wp-image-2430\" alt=\"\" srcset=\"https:\/\/splelkowo.pl\/wordpress\/wp-content\/uploads\/2026\/05\/1777221600163-300x225.jpg 300w, https:\/\/splelkowo.pl\/wordpress\/wp-content\/uploads\/2026\/05\/1777221600163-1024x768.jpg 1024w, https:\/\/splelkowo.pl\/wordpress\/wp-content\/uploads\/2026\/05\/1777221600163-768x576.jpg 768w, https:\/\/splelkowo.pl\/wordpress\/wp-content\/uploads\/2026\/05\/1777221600163-1536x1152.jpg 1536w, https:\/\/splelkowo.pl\/wordpress\/wp-content\/uploads\/2026\/05\/1777221600163.jpg 1600w\" sizes=\"(max-width: 300px) 100vw, 300px\" \/>\n            <\/div>\n        <\/div><div class=\"eael-entry-wrapper\"><header class=\"eael-entry-header\"><h6 class=\"eael-entry-title\"><a class=\"eael-grid-post-link\" href=\"https:\/\/splelkowo.pl\/wordpress\/zajecia-artystyczne-dla-klasy-ii-w-ramach-projektu-mlodzi-kreatywni\/\" title=\"Zaj\u0119cia artystyczne dla klasy II w ramach projektu M\u0142odzi kreatywni\">Zaj\u0119cia artystyczne dla klasy II w ramach projektu M\u0142odzi kreatywni<\/a><\/h6><\/header><div class=\"eael-entry-content\">\n                        <div class=\"eael-grid-post-excerpt\"><p>W ramach projektu \u201eM\u0142odzi kreatywni\u201d nr FEWM 06.03-IZ.00-0058\/24 uczniowie z...<\/p><a href=\"https:\/\/splelkowo.pl\/wordpress\/zajecia-artystyczne-dla-klasy-ii-w-ramach-projektu-mlodzi-kreatywni\/\" class=\"eael-post-elements-readmore-btn\">Zobacz wi\u0119cej ...<\/a><\/div>\n                    <\/div><\/div><\/div>\n        <\/div>\n    <\/article><article class=\"eael-grid-post  eael-post-grid-column eael-pg-post-2351 category-aktualnosci\" data-id=\"2351\">\n        <div class=\"eael-grid-post-holder\">\n            <div class=\"eael-grid-post-holder-inner\"><div class=\"eael-entry-media\"><ul class=\"post-carousel-categories\"><li><a href=\"https:\/\/splelkowo.pl\/wordpress\/category\/aktualnosci\/\">Aktualno\u015bci<\/a><\/li><\/ul><div class=\"eael-entry-overlay fade-in\"><i class=\"fas fa-long-arrow-alt-right\" aria-hidden=\"true\"><\/i><a href=\"https:\/\/splelkowo.pl\/wordpress\/zajecia-fotograficzne-w-ramach-projektu-mlodzi-kreatywni\/\"><\/a><\/div><div class=\"eael-entry-thumbnail eael-image-ratio\">\n                <img loading=\"lazy\" decoding=\"async\" width=\"300\" height=\"225\" src=\"https:\/\/splelkowo.pl\/wordpress\/wp-content\/uploads\/2026\/04\/1777221427573-300x225.jpg\" class=\"attachment-medium size-medium wp-image-2357\" alt=\"\" srcset=\"https:\/\/splelkowo.pl\/wordpress\/wp-content\/uploads\/2026\/04\/1777221427573-300x225.jpg 300w, https:\/\/splelkowo.pl\/wordpress\/wp-content\/uploads\/2026\/04\/1777221427573-1024x768.jpg 1024w, https:\/\/splelkowo.pl\/wordpress\/wp-content\/uploads\/2026\/04\/1777221427573-768x576.jpg 768w, https:\/\/splelkowo.pl\/wordpress\/wp-content\/uploads\/2026\/04\/1777221427573-1536x1152.jpg 1536w, https:\/\/splelkowo.pl\/wordpress\/wp-content\/uploads\/2026\/04\/1777221427573.jpg 1600w\" sizes=\"(max-width: 300px) 100vw, 300px\" \/>\n            <\/div>\n        <\/div><div class=\"eael-entry-wrapper\"><header class=\"eael-entry-header\"><h6 class=\"eael-entry-title\"><a class=\"eael-grid-post-link\" href=\"https:\/\/splelkowo.pl\/wordpress\/zajecia-fotograficzne-w-ramach-projektu-mlodzi-kreatywni\/\" title=\"Zaj\u0119cia fotograficzne w ramach projektu M\u0142odzi kreatywni\">Zaj\u0119cia fotograficzne w ramach projektu M\u0142odzi kreatywni<\/a><\/h6><\/header><div class=\"eael-entry-content\">\n                        <div class=\"eael-grid-post-excerpt\"><p>Uczniowie klasy V Szko\u0142y Podstawowej im. Or\u0142a Bia\u0142ego w Lelkowie...<\/p><a href=\"https:\/\/splelkowo.pl\/wordpress\/zajecia-fotograficzne-w-ramach-projektu-mlodzi-kreatywni\/\" class=\"eael-post-elements-readmore-btn\">Zobacz wi\u0119cej ...<\/a><\/div>\n                    <\/div><\/div><\/div>\n        <\/div>\n    <\/article><article class=\"eael-grid-post  eael-post-grid-column eael-pg-post-2289 category-aktualnosci\" data-id=\"2289\">\n        <div class=\"eael-grid-post-holder\">\n            <div class=\"eael-grid-post-holder-inner\"><div class=\"eael-entry-media\"><ul class=\"post-carousel-categories\"><li><a href=\"https:\/\/splelkowo.pl\/wordpress\/category\/aktualnosci\/\">Aktualno\u015bci<\/a><\/li><\/ul><div class=\"eael-entry-overlay fade-in\"><i class=\"fas fa-long-arrow-alt-right\" aria-hidden=\"true\"><\/i><a href=\"https:\/\/splelkowo.pl\/wordpress\/kurs-animatora-czasu-wolnego-w-ramach-projektu-ulp\/\"><\/a><\/div><div class=\"eael-entry-thumbnail eael-image-ratio\">\n                <img loading=\"lazy\" decoding=\"async\" width=\"300\" height=\"225\" src=\"https:\/\/splelkowo.pl\/wordpress\/wp-content\/uploads\/2026\/04\/Messenger_creation_14DDDAC5-4602-42E1-8E63-6D0C698421FB-300x225.jpeg\" class=\"attachment-medium size-medium wp-image-2300\" alt=\"\" srcset=\"https:\/\/splelkowo.pl\/wordpress\/wp-content\/uploads\/2026\/04\/Messenger_creation_14DDDAC5-4602-42E1-8E63-6D0C698421FB-300x225.jpeg 300w, https:\/\/splelkowo.pl\/wordpress\/wp-content\/uploads\/2026\/04\/Messenger_creation_14DDDAC5-4602-42E1-8E63-6D0C698421FB-1024x768.jpeg 1024w, https:\/\/splelkowo.pl\/wordpress\/wp-content\/uploads\/2026\/04\/Messenger_creation_14DDDAC5-4602-42E1-8E63-6D0C698421FB-768x576.jpeg 768w, https:\/\/splelkowo.pl\/wordpress\/wp-content\/uploads\/2026\/04\/Messenger_creation_14DDDAC5-4602-42E1-8E63-6D0C698421FB-1536x1152.jpeg 1536w, https:\/\/splelkowo.pl\/wordpress\/wp-content\/uploads\/2026\/04\/Messenger_creation_14DDDAC5-4602-42E1-8E63-6D0C698421FB.jpeg 2048w\" sizes=\"(max-width: 300px) 100vw, 300px\" \/>\n            <\/div>\n        <\/div><div class=\"eael-entry-wrapper\"><header class=\"eael-entry-header\"><h6 class=\"eael-entry-title\"><a class=\"eael-grid-post-link\" href=\"https:\/\/splelkowo.pl\/wordpress\/kurs-animatora-czasu-wolnego-w-ramach-projektu-ulp\/\" title=\"Kurs animatora czasu wolnego w ramach projektu ULP\">Kurs animatora czasu wolnego w ramach projektu ULP<\/a><\/h6><\/header><div class=\"eael-entry-content\">\n                        <div class=\"eael-grid-post-excerpt\"><p>Kolejne zaj\u0119cia w ramach projektu Uniwersytet Ludowy Pogranicza za nami....<\/p><a href=\"https:\/\/splelkowo.pl\/wordpress\/kurs-animatora-czasu-wolnego-w-ramach-projektu-ulp\/\" class=\"eael-post-elements-readmore-btn\">Zobacz wi\u0119cej ...<\/a><\/div>\n                    <\/div><\/div><\/div>\n        <\/div>\n    <\/article><article class=\"eael-grid-post  eael-post-grid-column eael-pg-post-2338 category-aktualnosci\" data-id=\"2338\">\n        <div class=\"eael-grid-post-holder\">\n            <div class=\"eael-grid-post-holder-inner\"><div class=\"eael-entry-media\"><ul class=\"post-carousel-categories\"><li><a href=\"https:\/\/splelkowo.pl\/wordpress\/category\/aktualnosci\/\">Aktualno\u015bci<\/a><\/li><\/ul><div class=\"eael-entry-overlay fade-in\"><i class=\"fas fa-long-arrow-alt-right\" aria-hidden=\"true\"><\/i><a href=\"https:\/\/splelkowo.pl\/wordpress\/zajecia-ceramiczne-w-szkole-filialnej-w-zagajach-w-ramach-projektu-mlodzi-kreatywni\/\"><\/a><\/div><div class=\"eael-entry-thumbnail eael-image-ratio\">\n                <img loading=\"lazy\" decoding=\"async\" width=\"300\" height=\"225\" src=\"https:\/\/splelkowo.pl\/wordpress\/wp-content\/uploads\/2026\/04\/1777221320256-300x225.jpg\" class=\"attachment-medium size-medium wp-image-2347\" alt=\"\" srcset=\"https:\/\/splelkowo.pl\/wordpress\/wp-content\/uploads\/2026\/04\/1777221320256-300x225.jpg 300w, https:\/\/splelkowo.pl\/wordpress\/wp-content\/uploads\/2026\/04\/1777221320256-1024x768.jpg 1024w, https:\/\/splelkowo.pl\/wordpress\/wp-content\/uploads\/2026\/04\/1777221320256-768x576.jpg 768w, https:\/\/splelkowo.pl\/wordpress\/wp-content\/uploads\/2026\/04\/1777221320256-1536x1152.jpg 1536w, https:\/\/splelkowo.pl\/wordpress\/wp-content\/uploads\/2026\/04\/1777221320256.jpg 2000w\" sizes=\"(max-width: 300px) 100vw, 300px\" \/>\n            <\/div>\n        <\/div><div class=\"eael-entry-wrapper\"><header class=\"eael-entry-header\"><h6 class=\"eael-entry-title\"><a class=\"eael-grid-post-link\" href=\"https:\/\/splelkowo.pl\/wordpress\/zajecia-ceramiczne-w-szkole-filialnej-w-zagajach-w-ramach-projektu-mlodzi-kreatywni\/\" title=\"Zaj\u0119cia ceramiczne w Szkole Filialnej w Zagajach w ramach projektu M\u0142odzi kreatywni\">Zaj\u0119cia ceramiczne w Szkole Filialnej w Zagajach w ramach projektu M\u0142odzi kreatywni<\/a><\/h6><\/header><div class=\"eael-entry-content\">\n                        <div class=\"eael-grid-post-excerpt\"><p>Szko\u0142a Filialna w Zagajach Szko\u0142y Podstawowej im. Or\u0142a Bia\u0142ego od...<\/p><a href=\"https:\/\/splelkowo.pl\/wordpress\/zajecia-ceramiczne-w-szkole-filialnej-w-zagajach-w-ramach-projektu-mlodzi-kreatywni\/\" class=\"eael-post-elements-readmore-btn\">Zobacz wi\u0119cej ...<\/a><\/div>\n                    <\/div><\/div><\/div>\n        <\/div>\n    <\/article><article class=\"eael-grid-post  eael-post-grid-column eael-pg-post-2331 category-aktualnosci\" data-id=\"2331\">\n        <div class=\"eael-grid-post-holder\">\n            <div class=\"eael-grid-post-holder-inner\"><div class=\"eael-entry-media\"><ul class=\"post-carousel-categories\"><li><a href=\"https:\/\/splelkowo.pl\/wordpress\/category\/aktualnosci\/\">Aktualno\u015bci<\/a><\/li><\/ul><div class=\"eael-entry-overlay fade-in\"><i class=\"fas fa-long-arrow-alt-right\" aria-hidden=\"true\"><\/i><a href=\"https:\/\/splelkowo.pl\/wordpress\/warsztaty-przyrodniczo-ekologiczne-w-ramach-projektu-mlodzi-kreatywni-2\/\"><\/a><\/div><div class=\"eael-entry-thumbnail eael-image-ratio\">\n                <img loading=\"lazy\" decoding=\"async\" width=\"139\" height=\"300\" src=\"https:\/\/splelkowo.pl\/wordpress\/wp-content\/uploads\/2026\/04\/1777221063156-139x300.jpg\" class=\"attachment-medium size-medium wp-image-2336\" alt=\"\" srcset=\"https:\/\/splelkowo.pl\/wordpress\/wp-content\/uploads\/2026\/04\/1777221063156-139x300.jpg 139w, https:\/\/splelkowo.pl\/wordpress\/wp-content\/uploads\/2026\/04\/1777221063156-473x1024.jpg 473w, https:\/\/splelkowo.pl\/wordpress\/wp-content\/uploads\/2026\/04\/1777221063156-768x1663.jpg 768w, https:\/\/splelkowo.pl\/wordpress\/wp-content\/uploads\/2026\/04\/1777221063156-709x1536.jpg 709w, https:\/\/splelkowo.pl\/wordpress\/wp-content\/uploads\/2026\/04\/1777221063156.jpg 942w\" sizes=\"(max-width: 139px) 100vw, 139px\" \/>\n            <\/div>\n        <\/div><div class=\"eael-entry-wrapper\"><header class=\"eael-entry-header\"><h6 class=\"eael-entry-title\"><a class=\"eael-grid-post-link\" href=\"https:\/\/splelkowo.pl\/wordpress\/warsztaty-przyrodniczo-ekologiczne-w-ramach-projektu-mlodzi-kreatywni-2\/\" title=\"Warsztaty przyrodniczo-ekologiczne w ramach projektu M\u0142odzi kreatywni\">Warsztaty przyrodniczo-ekologiczne w ramach projektu M\u0142odzi kreatywni<\/a><\/h6><\/header><div class=\"eael-entry-content\">\n                        <div class=\"eael-grid-post-excerpt\"><p>W ramach projektu &#8222;M\u0142odzi kreatywni&#8221; nr FEWM 06.03-IZ.00-0058\/24 uczniowie z...<\/p><a href=\"https:\/\/splelkowo.pl\/wordpress\/warsztaty-przyrodniczo-ekologiczne-w-ramach-projektu-mlodzi-kreatywni-2\/\" class=\"eael-post-elements-readmore-btn\">Zobacz wi\u0119cej ...<\/a><\/div>\n                    <\/div><\/div><\/div>\n        <\/div>\n    <\/article><article class=\"eael-grid-post  eael-post-grid-column eael-pg-post-2240 category-aktualnosci\" data-id=\"2240\">\n        <div class=\"eael-grid-post-holder\">\n            <div class=\"eael-grid-post-holder-inner\"><div class=\"eael-entry-wrapper\"><header class=\"eael-entry-header\"><h6 class=\"eael-entry-title\"><a class=\"eael-grid-post-link\" href=\"https:\/\/splelkowo.pl\/wordpress\/wyniki-rekrutacji-2\/\" title=\"Wyniki rekrutacji\">Wyniki rekrutacji<\/a><\/h6><\/header><div class=\"eael-entry-content\">\n                        <div class=\"eael-grid-post-excerpt\"><p>WYNIKI REKRUTACJI \u00a0 Informujemy, \u017ce w ramach prowadzonej rekrutacji wp\u0142yn\u0119\u0142o...<\/p><a href=\"https:\/\/splelkowo.pl\/wordpress\/wyniki-rekrutacji-2\/\" class=\"eael-post-elements-readmore-btn\">Zobacz wi\u0119cej ...<\/a><\/div>\n                    <\/div><\/div><\/div>\n        <\/div>\n    <\/article><article class=\"eael-grid-post  eael-post-grid-column eael-pg-post-2243 category-aktualnosci\" data-id=\"2243\">\n        <div class=\"eael-grid-post-holder\">\n            <div class=\"eael-grid-post-holder-inner\"><div class=\"eael-entry-media\"><ul class=\"post-carousel-categories\"><li><a href=\"https:\/\/splelkowo.pl\/wordpress\/category\/aktualnosci\/\">Aktualno\u015bci<\/a><\/li><\/ul><div class=\"eael-entry-overlay fade-in\"><i class=\"fas fa-long-arrow-alt-right\" aria-hidden=\"true\"><\/i><a href=\"https:\/\/splelkowo.pl\/wordpress\/zdrowe-odzywianie-i-zdrowe-nawyki-zywieniowe-w-codziennym-zyciu-zajecia-w-ramach-projektu-ulp\/\"><\/a><\/div><div class=\"eael-entry-thumbnail eael-image-ratio\">\n                <img loading=\"lazy\" decoding=\"async\" width=\"300\" height=\"158\" src=\"https:\/\/splelkowo.pl\/wordpress\/wp-content\/uploads\/2026\/04\/Bez-nazwy-300x158.jpg\" class=\"attachment-medium size-medium wp-image-2250\" alt=\"\" srcset=\"https:\/\/splelkowo.pl\/wordpress\/wp-content\/uploads\/2026\/04\/Bez-nazwy-300x158.jpg 300w, https:\/\/splelkowo.pl\/wordpress\/wp-content\/uploads\/2026\/04\/Bez-nazwy.jpg 310w\" sizes=\"(max-width: 300px) 100vw, 300px\" \/>\n            <\/div>\n        <\/div><div class=\"eael-entry-wrapper\"><header class=\"eael-entry-header\"><h6 class=\"eael-entry-title\"><a class=\"eael-grid-post-link\" href=\"https:\/\/splelkowo.pl\/wordpress\/zdrowe-odzywianie-i-zdrowe-nawyki-zywieniowe-w-codziennym-zyciu-zajecia-w-ramach-projektu-ulp\/\" title=\"&#8222;Zdrowe od\u017cywianie i zdrowe nawyki \u017cywieniowe w codziennym \u017cyciu&#8221;- zaj\u0119cia w ramach projektu ULP\">&#8222;Zdrowe od\u017cywianie i zdrowe nawyki \u017cywieniowe w codziennym \u017cyciu&#8221;- zaj\u0119cia w ramach projektu ULP<\/a><\/h6><\/header><div class=\"eael-entry-content\">\n                        <div class=\"eael-grid-post-excerpt\"><p>W dniach 09 i 16 marca oraz 08 kwietnia br....<\/p><a href=\"https:\/\/splelkowo.pl\/wordpress\/zdrowe-odzywianie-i-zdrowe-nawyki-zywieniowe-w-codziennym-zyciu-zajecia-w-ramach-projektu-ulp\/\" class=\"eael-post-elements-readmore-btn\">Zobacz wi\u0119cej ...<\/a><\/div>\n                    <\/div><\/div><\/div>\n        <\/div>\n    <\/article><article class=\"eael-grid-post  eael-post-grid-column eael-pg-post-2229 category-aktualnosci\" data-id=\"2229\">\n        <div class=\"eael-grid-post-holder\">\n            <div class=\"eael-grid-post-holder-inner\"><div class=\"eael-entry-media\"><ul class=\"post-carousel-categories\"><li><a href=\"https:\/\/splelkowo.pl\/wordpress\/category\/aktualnosci\/\">Aktualno\u015bci<\/a><\/li><\/ul><div class=\"eael-entry-overlay fade-in\"><i class=\"fas fa-long-arrow-alt-right\" aria-hidden=\"true\"><\/i><a href=\"https:\/\/splelkowo.pl\/wordpress\/zyczenia-wielkanoc-2026\/\"><\/a><\/div><div class=\"eael-entry-thumbnail eael-image-ratio\">\n                <img loading=\"lazy\" decoding=\"async\" width=\"300\" height=\"168\" src=\"https:\/\/splelkowo.pl\/wordpress\/wp-content\/uploads\/2026\/04\/kartka-2026-300x168.jpg\" class=\"attachment-medium size-medium wp-image-2228\" alt=\"\" srcset=\"https:\/\/splelkowo.pl\/wordpress\/wp-content\/uploads\/2026\/04\/kartka-2026-300x168.jpg 300w, https:\/\/splelkowo.pl\/wordpress\/wp-content\/uploads\/2026\/04\/kartka-2026-1024x574.jpg 1024w, https:\/\/splelkowo.pl\/wordpress\/wp-content\/uploads\/2026\/04\/kartka-2026-768x430.jpg 768w, https:\/\/splelkowo.pl\/wordpress\/wp-content\/uploads\/2026\/04\/kartka-2026.jpg 1260w\" sizes=\"(max-width: 300px) 100vw, 300px\" \/>\n            <\/div>\n        <\/div><div class=\"eael-entry-wrapper\"><header class=\"eael-entry-header\"><h6 class=\"eael-entry-title\"><a class=\"eael-grid-post-link\" href=\"https:\/\/splelkowo.pl\/wordpress\/zyczenia-wielkanoc-2026\/\" title=\"\u017byczenia- Wielkanoc 2026\">\u017byczenia- Wielkanoc 2026<\/a><\/h6><\/header><div class=\"eael-entry-content\">\n                        <div class=\"eael-grid-post-excerpt\"><p><\/p><a href=\"https:\/\/splelkowo.pl\/wordpress\/zyczenia-wielkanoc-2026\/\" class=\"eael-post-elements-readmore-btn\">Zobacz wi\u0119cej ...<\/a><\/div>\n                    <\/div><\/div><\/div>\n        <\/div>\n    <\/article><article class=\"eael-grid-post  eael-post-grid-column eael-pg-post-2401 category-aktualnosci\" data-id=\"2401\">\n        <div class=\"eael-grid-post-holder\">\n            <div class=\"eael-grid-post-holder-inner\"><div class=\"eael-entry-media\"><ul class=\"post-carousel-categories\"><li><a href=\"https:\/\/splelkowo.pl\/wordpress\/category\/aktualnosci\/\">Aktualno\u015bci<\/a><\/li><\/ul><div class=\"eael-entry-overlay fade-in\"><i class=\"fas fa-long-arrow-alt-right\" aria-hidden=\"true\"><\/i><a href=\"https:\/\/splelkowo.pl\/wordpress\/2401-2\/\"><\/a><\/div><div class=\"eael-entry-thumbnail eael-image-ratio\">\n                <img loading=\"lazy\" decoding=\"async\" width=\"300\" height=\"225\" src=\"https:\/\/splelkowo.pl\/wordpress\/wp-content\/uploads\/2026\/05\/1777219989615-300x225.jpg\" class=\"attachment-medium size-medium wp-image-2404\" alt=\"\" srcset=\"https:\/\/splelkowo.pl\/wordpress\/wp-content\/uploads\/2026\/05\/1777219989615-300x225.jpg 300w, https:\/\/splelkowo.pl\/wordpress\/wp-content\/uploads\/2026\/05\/1777219989615-1024x768.jpg 1024w, https:\/\/splelkowo.pl\/wordpress\/wp-content\/uploads\/2026\/05\/1777219989615-768x576.jpg 768w, https:\/\/splelkowo.pl\/wordpress\/wp-content\/uploads\/2026\/05\/1777219989615-1536x1152.jpg 1536w, https:\/\/splelkowo.pl\/wordpress\/wp-content\/uploads\/2026\/05\/1777219989615.jpg 1600w\" sizes=\"(max-width: 300px) 100vw, 300px\" \/>\n            <\/div>\n        <\/div><div class=\"eael-entry-wrapper\"><header class=\"eael-entry-header\"><h6 class=\"eael-entry-title\"><a class=\"eael-grid-post-link\" href=\"https:\/\/splelkowo.pl\/wordpress\/2401-2\/\" title=\"Zaj\u0119cia artystyczne w Szkole Filialnej w Zagajach w ramach projektu M\u0142odzi kreatywni\">Zaj\u0119cia artystyczne w Szkole Filialnej w Zagajach w ramach projektu M\u0142odzi kreatywni<\/a><\/h6><\/header><div class=\"eael-entry-content\">\n                        <div class=\"eael-grid-post-excerpt\"><p>&nbsp; W dniach 03.11.2025r \u2013 30.03.2026r. w Szkole Filialnej w...<\/p><a href=\"https:\/\/splelkowo.pl\/wordpress\/2401-2\/\" class=\"eael-post-elements-readmore-btn\">Zobacz wi\u0119cej ...<\/a><\/div>\n                    <\/div><\/div><\/div>\n        <\/div>\n    <\/article><\/div>\n            <div class=\"clearfix\"><\/div>\n        <\/div>            <div class=\"eael-load-more-button-wrap eael-force-hide\">\n                <button class=\"eael-load-more-button\" id=\"eael-load-more-btn-9c1522e\" data-widget-id=\"9c1522e\" data-widget=\"9c1522e\" data-page-id=\"16\" data-template=\"{&quot;dir&quot;:&quot;lite&quot;,&quot;file_name&quot;:&quot;one.php&quot;,&quot;name&quot;:&quot;Post-Grid&quot;}\" data-class=\"Essential_Addons_Elementor\\Elements\\Post_Grid\" data-layout=\"grid\" data-page=\"1\" data-args=\"orderby=date&amp;order=desc&amp;ignore_sticky_posts=1&amp;post_status=publish&amp;posts_per_page=9&amp;offset=0&amp;post_type=post&amp;tax_query%5B0%5D%5Btaxonomy%5D=category&amp;tax_query%5B0%5D%5Bfield%5D=term_id&amp;tax_query%5B0%5D%5Bterms%5D%5B0%5D=4&amp;tax_query%5Brelation%5D=AND\" data-max-page=\"11\">\n                    <span class=\"eael-btn-loader button__loader\"><\/span>\n                    <span class=\"eael_load_more_text\">Load More<\/span>\n                <\/button>\n            <\/div>\n            \t\t\t\t<\/div>\n\t\t\t\t<\/div>\n\t\t\t\t<\/div>\n\t\t\t\t\t<\/div>\n\t\t\t\t<\/div>\n\t\t\t\t<\/div>\n\t\t","protected":false},"excerpt":{"rendered":"<p>LIBRUS &#8211; Dziennik online Plan lekcji Rozk\u0142ad jazdy autobus\u00f3w DNI DO WAKACJI Aktualno\u015bci Zaczynamy nowy rok szkolny! Witajcie po wakacjach! Uroczyste rozpocz\u0119cie roku szkolnego 2025\/ 2026 za&#8230; Zobacz wi\u0119cej &#8230; Aktualno\u015bci ROZPOCZ\u0118CIE ROKU SZKOLNEGO 2025\/2026 Serdecznie zapraszamy uczni\u00f3w i Rodzic\u00f3w na uroczyste rozpocz\u0119cie roku szkolnego&#8230; Zobacz wi\u0119cej &#8230; Aktualno\u015bci WIEM, WIDZ\u0118, REAGUJ\u0118- warsztaty antyduskryminacyjne W ramach \u00a0projektu \u201eM\u0142odzi kreatywni\u201d nr FEWM 06.03-IZ.00-0058\/24 zosta\u0142y zorganizowane\u00a0w&#8230; Zobacz wi\u0119cej &#8230; Aktualno\u015bci &#8222;Czas rozwin\u0105\u0107 skrzyd\u0142a&#8221;- uroczyste zako\u0144czenie roku szkolnego 2024\/2025 27 czerwca 2025r. w naszej szkole odby\u0142o si\u0119 uroczyste zako\u0144czenie&#8230; Zobacz wi\u0119cej &#8230; Wyprawka szkolna Wyprawka na rok szkolny 2025\/2026 dla punktu przedszkolnego, oddzia\u0142u przedszkolnego&#8230; Zobacz wi\u0119cej &#8230; Aktualno\u015bci Zako\u0144czenie roku szkolnego Serdecznie zapraszamy do udzia\u0142u w uroczystym zako\u0144czeniu roku szkolnego 2024\/2025&#8230; Zobacz wi\u0119cej &#8230; Aktualno\u015bci Wycieczka do Stajni P\u0142oskinia &nbsp; W dniach 16-17 czerwca br. uczniowie naszej szko\u0142y mieli&#8230; Zobacz wi\u0119cej &#8230; Aktualno\u015bci SPRINTEM DO MARATONU! Dnia 5 czerwca br. dzieci z punktu i oddzia\u0142u przedszkolnego&#8230; Zobacz wi\u0119cej &#8230; Aktualno\u015bci Wizyta przedszkolak\u00f3w w Urz\u0119dzie Gminy Dzi\u015b w \u015brod\u0119 (tj. 04.06.2025r.) Przedszkolaki z Punktu Przedszkolnego odwiedzi\u0142y&#8230; Zobacz wi\u0119cej &#8230; Load More<\/p>\n","protected":false},"author":1,"featured_media":0,"parent":0,"menu_order":0,"comment_status":"closed","ping_status":"closed","template":"","meta":{"site-sidebar-layout":"default","site-content-layout":"","ast-site-content-layout":"default","site-content-style":"default","site-sidebar-style":"default","ast-global-header-display":"","ast-banner-title-visibility":"","ast-main-header-display":"","ast-hfb-above-header-display":"","ast-hfb-below-header-display":"","ast-hfb-mobile-header-display":"","site-post-title":"disabled","ast-breadcrumbs-content":"","ast-featured-img":"","footer-sml-layout":"","ast-disable-related-posts":"","theme-transparent-header-meta":"","adv-header-id-meta":"","stick-header-meta":"","header-above-stick-meta":"","header-main-stick-meta":"","header-below-stick-meta":"","astra-migrate-meta-layouts":"default","ast-page-background-enabled":"default","ast-page-background-meta":{"desktop":{"background-color":"var(--ast-global-color-4)","background-image":"","background-repeat":"repeat","background-position":"center center","background-size":"auto","background-attachment":"scroll","background-type":"","background-media":"","overlay-type":"","overlay-color":"","overlay-opacity":"","overlay-gradient":""},"tablet":{"background-color":"","background-image":"","background-repeat":"repeat","background-position":"center center","background-size":"auto","background-attachment":"scroll","background-type":"","background-media":"","overlay-type":"","overlay-color":"","overlay-opacity":"","overlay-gradient":""},"mobile":{"background-color":"","background-image":"","background-repeat":"repeat","background-position":"center center","background-size":"auto","background-attachment":"scroll","background-type":"","background-media":"","overlay-type":"","overlay-color":"","overlay-opacity":"","overlay-gradient":""}},"ast-content-background-meta":{"desktop":{"background-color":"var(--ast-global-color-5)","background-image":"","background-repeat":"repeat","background-position":"center center","background-size":"auto","background-attachment":"scroll","background-type":"","background-media":"","overlay-type":"","overlay-color":"","overlay-opacity":"","overlay-gradient":""},"tablet":{"background-color":"var(--ast-global-color-5)","background-image":"","background-repeat":"repeat","background-position":"center center","background-size":"auto","background-attachment":"scroll","background-type":"","background-media":"","overlay-type":"","overlay-color":"","overlay-opacity":"","overlay-gradient":""},"mobile":{"background-color":"var(--ast-global-color-5)","background-image":"","background-repeat":"repeat","background-position":"center center","background-size":"auto","background-attachment":"scroll","background-type":"","background-media":"","overlay-type":"","overlay-color":"","overlay-opacity":"","overlay-gradient":""}},"footnotes":""},"class_list":["post-16","page","type-page","status-publish","hentry"],"_links":{"self":[{"href":"https:\/\/splelkowo.pl\/wordpress\/wp-json\/wp\/v2\/pages\/16","targetHints":{"allow":["GET"]}}],"collection":[{"href":"https:\/\/splelkowo.pl\/wordpress\/wp-json\/wp\/v2\/pages"}],"about":[{"href":"https:\/\/splelkowo.pl\/wordpress\/wp-json\/wp\/v2\/types\/page"}],"author":[{"embeddable":true,"href":"https:\/\/splelkowo.pl\/wordpress\/wp-json\/wp\/v2\/users\/1"}],"replies":[{"embeddable":true,"href":"https:\/\/splelkowo.pl\/wordpress\/wp-json\/wp\/v2\/comments?post=16"}],"version-history":[{"count":178,"href":"https:\/\/splelkowo.pl\/wordpress\/wp-json\/wp\/v2\/pages\/16\/revisions"}],"predecessor-version":[{"id":1446,"href":"https:\/\/splelkowo.pl\/wordpress\/wp-json\/wp\/v2\/pages\/16\/revisions\/1446"}],"wp:attachment":[{"href":"https:\/\/splelkowo.pl\/wordpress\/wp-json\/wp\/v2\/media?parent=16"}],"curies":[{"name":"wp","href":"https:\/\/api.w.org\/{rel}","templated":true}]}}