{"id":301,"date":"2024-12-04T19:36:49","date_gmt":"2024-12-04T18:36:49","guid":{"rendered":"https:\/\/splelkowo.pl\/wordpress\/?page_id=301"},"modified":"2024-12-04T19:36:52","modified_gmt":"2024-12-04T18:36:52","slug":"monitoring","status":"publish","type":"page","link":"https:\/\/splelkowo.pl\/wordpress\/monitoring\/","title":{"rendered":"Monitoring"},"content":{"rendered":"<p style=\"text-align: right;\">Za\u0142\u0105cznik nr 1 do Regulaminu funkcjonowania,<br \/>\nobs\u0142ugi i eksploatacji monitoringu wizyjnego<\/p>\n<p>&nbsp;<\/p>\n<p><strong>OBOWI\u0104ZEK INFORMACYJNY<\/strong><\/p>\n<p>Na podstawie art. 13 ust. 1 i 2 Rozporz\u0105dzenia Parlamentu Europejskiego i Rady (UE) 016\/679 z 27 kwietnia 2016 r. w sprawie ochrony os\u00f3b fizycznych w zwi\u0105zku z przetwarzaniem danych osobowych i w sprawie swobodnego przep\u0142ywu takich danych oraz uchylenia dyrektywy 95\/46\/WE (Dz. Urz. UE L 119 z 4.05.2016, s. 1 ze zm.); &#8211; dalej: \u201eRODO\u201d informuj\u0119, \u017ce:<\/p>\n<p>1) Administratorem Pa\u0144stwa danych jest <strong>Szko\u0142a Podstawowa im. Or\u0142a Bia\u0142ego w Lelkowie<\/strong> <strong>(adres: 14-521 Lelkowo 115; adres email: sekretariat@sp.lelkowo.eu; nr tel.: 55\u00a0244 81 03). <\/strong><\/p>\n<p>2) Administrator wyznaczy\u0142 Inspektora Ochrony Danych, z kt\u00f3rym mog\u0105 si\u0119 Pa\u0144stwo kontaktowa\u0107 we wszystkich sprawach dotycz\u0105cych przetwarzania danych osobowych za po\u015brednictwem adresu email: <a href=\"mailto:inspektor@cbi24.pl\"><strong>inspektor@cbi24.pl<\/strong><\/a> lub pisemnie pod adres Administratora.<\/p>\n<p>3) Pa\u0144stwa dane osobowe b\u0119d\u0105 przetwarzane w celu zapewnienia bezpiecze\u0144stwa uczni\u00f3w i pracownik\u00f3w Szko\u0142y, ochrony mienia Szko\u0142y oraz zachowania w tajemnicy informacji, kt\u00f3rych ujawnienie mog\u0142oby narazi\u0107 Szko\u0142\u0119 na szkod\u0119.<\/p>\n<p>4) Podstaw\u0105 prawn\u0105 przetwarzania wizerunku uczni\u00f3w, pracownik\u00f3w oraz innych os\u00f3b zarejestrowanych przez monitoring jest art. 6 ust. 1 lit. e) ww. Rozporz\u0105dzenia w zwi\u0105zku z art. 108a ustawy z dnia 14 grudnia 2016 r. Prawo o\u015bwiatowe (t. j. Dz. U. z 2021 r. poz. 1082 ze zm.). Podstaw\u0105 prawn\u0105 przetwarzania danych jest r\u00f3wnie\u017c art. 6 ust. 1 lit. f ww. Rozporz\u0105dzenia w zwi\u0105zku z art. 222 \u00a7 1 ustawy z dnia 26 czerwca 1974 r. Kodeks pracy (t. j. Dz. U. z 2022 r. poz. 1510 ze zm.). Prawnie uzasadnionym interesem administratora jest zapewnienie bezpiecze\u0144stwa uczni\u00f3w i pracownik\u00f3w Szko\u0142y, ochrona mienia Szko\u0142y oraz zachowanie w tajemnicy informacji, kt\u00f3rych ujawnienie mog\u0142oby narazi\u0107 Szko\u0142\u0119 na szkod\u0119.<\/p>\n<p>5) Dane osobowe b\u0119d\u0105 przetwarzane przez okres nieprzekraczaj\u0105cy 3 miesi\u0119cy od dnia nagrania. W przypadku, w kt\u00f3rym nagrania obrazu stanowi\u0105 dow\u00f3d w post\u0119powaniu prowadzonym na podstawie prawa lub Administrator powzi\u0105\u0142 wiadomo\u015b\u0107, i\u017c mog\u0105 one stanowi\u0107 dow\u00f3d w post\u0119powaniu, termin ulega przed\u0142u\u017ceniu do czasu prawomocnego zako\u0144czenia post\u0119powania.<\/p>\n<p>6) Pa\u0144stwa dane b\u0119d\u0105 przetwarzane w spos\u00f3b zautomatyzowany, lecz nie b\u0119d\u0105 podlega\u0107 zautomatyzowanemu podejmowaniu decyzji, w tym profilowaniu.<\/p>\n<p>7) Pa\u0144stwa dane osobowe nie b\u0119d\u0105 przekazywane poza Europejski Obszar Gospodarczy (obejmuj\u0105cy Uni\u0119 Europejsk\u0105, Norwegi\u0119, Liechtenstein i Islandi\u0119).<\/p>\n<p>8) W zwi\u0105zku z przetwarzaniem Pa\u0144stwa danych osobowych, przys\u0142uguj\u0105 Pa\u0144stwu nast\u0119puj\u0105ce prawa:<\/p>\n<ol>\n<li>a) prawo dost\u0119pu do swoich danych oraz otrzymania ich kopii;<\/li>\n<li>b) prawo do sprostowania (poprawiania) swoich danych osobowych;<\/li>\n<li>c) prawo do ograniczenia przetwarzania danych osobowych;<\/li>\n<li>d) prawo do wniesienia sprzeciwu;<\/li>\n<li>e) prawo wniesienia skargi do Prezesa Urz\u0119du Ochrony Danych Osobowych (ul. Stawki 2, 00-193 Warszawa), w sytuacji, gdy uzna Pani\/Pan, \u017ce przetwarzanie danych osobowych narusza przepisy og\u00f3lnego rozporz\u0105dzenia o ochronie danych osobowych (RODO);<\/li>\n<\/ol>\n<p>9) Pa\u0144stwa dane mog\u0105 zosta\u0107 przekazane podmiotom zewn\u0119trznym na podstawie umowy powierzenia przetwarzania danych osobowych us\u0142ugodawcom wykonuj\u0105cych us\u0142ugi serwisu system\u00f3w informatycznych oraz us\u0142ugodawcom z zakresu ksi\u0119gowo\u015bci oraz doradztwa prawnego, a tak\u017ce podmiotom lub organom uprawnionym na podstawie przepis\u00f3w prawa.<\/p>\n<p>&nbsp;<\/p>\n","protected":false},"excerpt":{"rendered":"<p>Za\u0142\u0105cznik nr 1 do Regulaminu funkcjonowania, obs\u0142ugi i eksploatacji monitoringu wizyjnego &nbsp; OBOWI\u0104ZEK INFORMACYJNY Na podstawie art. 13 ust. 1 i 2 Rozporz\u0105dzenia Parlamentu Europejskiego i Rady (UE) 016\/679 z 27 kwietnia 2016 r. w sprawie ochrony os\u00f3b fizycznych w zwi\u0105zku z przetwarzaniem danych osobowych i w sprawie swobodnego przep\u0142ywu takich danych oraz uchylenia dyrektywy 95\/46\/WE (Dz. Urz. UE L 119 z 4.05.2016, s. 1 ze zm.); &#8211; dalej: \u201eRODO\u201d informuj\u0119, \u017ce: 1) Administratorem Pa\u0144stwa danych jest Szko\u0142a Podstawowa im. Or\u0142a Bia\u0142ego w Lelkowie (adres: 14-521 Lelkowo 115; adres email: sekretariat@sp.lelkowo.eu; nr tel.: 55\u00a0244 81 03). 2) Administrator wyznaczy\u0142 Inspektora Ochrony Danych, z kt\u00f3rym mog\u0105 si\u0119 Pa\u0144stwo kontaktowa\u0107 we wszystkich sprawach dotycz\u0105cych przetwarzania danych osobowych za po\u015brednictwem adresu email: inspektor@cbi24.pl lub pisemnie pod adres Administratora. 3) Pa\u0144stwa dane osobowe b\u0119d\u0105 przetwarzane w celu zapewnienia bezpiecze\u0144stwa uczni\u00f3w i pracownik\u00f3w Szko\u0142y, ochrony mienia Szko\u0142y oraz zachowania w tajemnicy informacji, kt\u00f3rych ujawnienie mog\u0142oby narazi\u0107 Szko\u0142\u0119 na szkod\u0119. 4) Podstaw\u0105 prawn\u0105 przetwarzania wizerunku uczni\u00f3w, pracownik\u00f3w oraz innych os\u00f3b zarejestrowanych przez monitoring jest art. 6 ust. 1 lit. e) ww. Rozporz\u0105dzenia w zwi\u0105zku z art. 108a ustawy z dnia 14 grudnia 2016 r. Prawo o\u015bwiatowe (t. j. Dz. U. z 2021 r. poz. 1082 ze zm.). Podstaw\u0105 prawn\u0105 przetwarzania danych jest r\u00f3wnie\u017c art. 6 ust. 1 lit. f ww. Rozporz\u0105dzenia w zwi\u0105zku z art. 222 \u00a7 1 ustawy z dnia 26 czerwca 1974 r. Kodeks pracy (t. j. Dz. U. z 2022 r. poz. 1510 ze zm.). Prawnie uzasadnionym interesem administratora jest zapewnienie bezpiecze\u0144stwa uczni\u00f3w i pracownik\u00f3w Szko\u0142y, ochrona mienia Szko\u0142y oraz zachowanie w tajemnicy informacji, kt\u00f3rych ujawnienie mog\u0142oby narazi\u0107 Szko\u0142\u0119 na szkod\u0119. 5) Dane osobowe b\u0119d\u0105 przetwarzane przez okres nieprzekraczaj\u0105cy 3 miesi\u0119cy od dnia nagrania. W przypadku, w kt\u00f3rym nagrania obrazu stanowi\u0105 dow\u00f3d w post\u0119powaniu prowadzonym na podstawie prawa lub Administrator powzi\u0105\u0142 wiadomo\u015b\u0107, i\u017c mog\u0105 one stanowi\u0107 dow\u00f3d w post\u0119powaniu, termin ulega przed\u0142u\u017ceniu do czasu prawomocnego zako\u0144czenia post\u0119powania. 6) Pa\u0144stwa dane b\u0119d\u0105 przetwarzane w spos\u00f3b zautomatyzowany, lecz nie b\u0119d\u0105 podlega\u0107 zautomatyzowanemu podejmowaniu decyzji, w tym profilowaniu. 7) Pa\u0144stwa dane osobowe nie b\u0119d\u0105 przekazywane poza Europejski Obszar Gospodarczy (obejmuj\u0105cy Uni\u0119 Europejsk\u0105, Norwegi\u0119, Liechtenstein i Islandi\u0119). 8) W zwi\u0105zku z przetwarzaniem Pa\u0144stwa danych osobowych, przys\u0142uguj\u0105 Pa\u0144stwu nast\u0119puj\u0105ce prawa: a) prawo dost\u0119pu do swoich danych oraz otrzymania ich kopii; b) prawo do sprostowania (poprawiania) swoich danych osobowych; c) prawo do ograniczenia przetwarzania danych osobowych; d) prawo do wniesienia sprzeciwu; e) prawo wniesienia skargi do Prezesa Urz\u0119du Ochrony Danych Osobowych (ul. Stawki 2, 00-193 Warszawa), w sytuacji, gdy uzna Pani\/Pan, \u017ce przetwarzanie danych osobowych narusza przepisy og\u00f3lnego rozporz\u0105dzenia o ochronie danych osobowych (RODO); 9) Pa\u0144stwa dane mog\u0105 zosta\u0107 przekazane podmiotom zewn\u0119trznym na podstawie umowy powierzenia przetwarzania danych osobowych us\u0142ugodawcom wykonuj\u0105cych us\u0142ugi serwisu system\u00f3w informatycznych oraz us\u0142ugodawcom z zakresu ksi\u0119gowo\u015bci oraz doradztwa prawnego, a tak\u017ce podmiotom lub organom uprawnionym na podstawie przepis\u00f3w prawa. &nbsp;<\/p>\n","protected":false},"author":1,"featured_media":0,"parent":0,"menu_order":0,"comment_status":"closed","ping_status":"closed","template":"","meta":{"site-sidebar-layout":"default","site-content-layout":"","ast-site-content-layout":"default","site-content-style":"default","site-sidebar-style":"default","ast-global-header-display":"","ast-banner-title-visibility":"","ast-main-header-display":"","ast-hfb-above-header-display":"","ast-hfb-below-header-display":"","ast-hfb-mobile-header-display":"","site-post-title":"","ast-breadcrumbs-content":"","ast-featured-img":"","footer-sml-layout":"","ast-disable-related-posts":"","theme-transparent-header-meta":"default","adv-header-id-meta":"","stick-header-meta":"","header-above-stick-meta":"","header-main-stick-meta":"","header-below-stick-meta":"","astra-migrate-meta-layouts":"set","ast-page-background-enabled":"default","ast-page-background-meta":{"desktop":{"background-color":"var(--ast-global-color-4)","background-image":"","background-repeat":"repeat","background-position":"center center","background-size":"auto","background-attachment":"scroll","background-type":"","background-media":"","overlay-type":"","overlay-color":"","overlay-opacity":"","overlay-gradient":""},"tablet":{"background-color":"","background-image":"","background-repeat":"repeat","background-position":"center center","background-size":"auto","background-attachment":"scroll","background-type":"","background-media":"","overlay-type":"","overlay-color":"","overlay-opacity":"","overlay-gradient":""},"mobile":{"background-color":"","background-image":"","background-repeat":"repeat","background-position":"center center","background-size":"auto","background-attachment":"scroll","background-type":"","background-media":"","overlay-type":"","overlay-color":"","overlay-opacity":"","overlay-gradient":""}},"ast-content-background-meta":{"desktop":{"background-color":"var(--ast-global-color-5)","background-image":"","background-repeat":"repeat","background-position":"center center","background-size":"auto","background-attachment":"scroll","background-type":"","background-media":"","overlay-type":"","overlay-color":"","overlay-opacity":"","overlay-gradient":""},"tablet":{"background-color":"var(--ast-global-color-5)","background-image":"","background-repeat":"repeat","background-position":"center center","background-size":"auto","background-attachment":"scroll","background-type":"","background-media":"","overlay-type":"","overlay-color":"","overlay-opacity":"","overlay-gradient":""},"mobile":{"background-color":"var(--ast-global-color-5)","background-image":"","background-repeat":"repeat","background-position":"center center","background-size":"auto","background-attachment":"scroll","background-type":"","background-media":"","overlay-type":"","overlay-color":"","overlay-opacity":"","overlay-gradient":""}},"footnotes":""},"class_list":["post-301","page","type-page","status-publish","hentry"],"_links":{"self":[{"href":"https:\/\/splelkowo.pl\/wordpress\/wp-json\/wp\/v2\/pages\/301","targetHints":{"allow":["GET"]}}],"collection":[{"href":"https:\/\/splelkowo.pl\/wordpress\/wp-json\/wp\/v2\/pages"}],"about":[{"href":"https:\/\/splelkowo.pl\/wordpress\/wp-json\/wp\/v2\/types\/page"}],"author":[{"embeddable":true,"href":"https:\/\/splelkowo.pl\/wordpress\/wp-json\/wp\/v2\/users\/1"}],"replies":[{"embeddable":true,"href":"https:\/\/splelkowo.pl\/wordpress\/wp-json\/wp\/v2\/comments?post=301"}],"version-history":[{"count":1,"href":"https:\/\/splelkowo.pl\/wordpress\/wp-json\/wp\/v2\/pages\/301\/revisions"}],"predecessor-version":[{"id":302,"href":"https:\/\/splelkowo.pl\/wordpress\/wp-json\/wp\/v2\/pages\/301\/revisions\/302"}],"wp:attachment":[{"href":"https:\/\/splelkowo.pl\/wordpress\/wp-json\/wp\/v2\/media?parent=301"}],"curies":[{"name":"wp","href":"https:\/\/api.w.org\/{rel}","templated":true}]}}